{"id":7,"date":"2022-09-17T06:19:39","date_gmt":"2022-09-17T09:19:39","guid":{"rendered":"http:\/\/cordilheira.romeritopontes.com.br\/?page_id=7"},"modified":"2025-09-30T15:19:54","modified_gmt":"2025-09-30T18:19:54","slug":"principal","status":"publish","type":"page","link":"https:\/\/www.institutocordilheira.org.br\/en\/","title":{"rendered":"Principal"},"content":{"rendered":"<div class=\"vc_row wpb_row vc_row-fluid vc_row-o-content-middle vc_row-flex\"><div class=\"wpb_column vc_column_container vc_col-sm-12\"><div class=\"vc_column-inner\"><div class=\"wpb_wrapper\">\n\t<div  class=\"wpb_single_image wpb_content_element vc_align_center\">\n\t\t\n\t\t<figure class=\"wpb_wrapper vc_figure\">\n\t\t\t<a href=\"https:\/\/drive.google.com\/file\/d\/1YLH3Gs9RfyBjNQ_yTIRPV4IzV5FkgSGj\/view?usp=sharing\" target=\"_self\"  class=\"vc_single_image-wrapper   vc_box_border_grey rollover\" data-large_image_width=\"1024\" data-large_image_height = \"256\"     ><img fetchpriority=\"high\" decoding=\"async\" class=\"vc_single_image-img\" src=\"https:\/\/www.institutocordilheira.org.br\/wp-content\/uploads\/2025\/09\/Subcabecalho.jpg\" width=\"1600\" height=\"400\" alt=\"Subcabec\u0327alho\" title=\"Subcabec\u0327alho\"  data-dt-location=\"https:\/\/www.institutocordilheira.org.br\/en\/principal\/subcabec%cc%a7alho\/\" \/><\/a>\n\t\t<\/figure>\n\t<\/div>\n<div class=\"vc_row wpb_row vc_inner vc_row-fluid\"><div class=\"wpb_column vc_column_container vc_col-sm-6\"><div class=\"vc_column-inner\"><div class=\"wpb_wrapper\"><h2 style=\"font-size: 36px;line-height: 1.5;text-align: left\" class=\"vc_custom_heading vc_custom_1663412673479\" >The Institute<\/h2>\n\t<div class=\"wpb_text_column wpb_content_element\" >\n\t\t<div class=\"wpb_wrapper\">\n\t\t\t<p>Instituto Cordilheira\u2019s fundamental aim is to work in defense of the environment, of cultural heritage, of the rights of nature, of citizenship, of human rights, and of the promotion of collective, diffuse, and homogeneous individual goods and rights, while considering new paradigms in times of climate emergency.<\/p>\n<p>IC works towards a new economy and society that value nature, ecosystem regeneration, investment in science, technology, and ancestral practices of indigenous peoples with a view to overcome the mineral dependency, and for a justice system that truly fulfills its role in ensuring that violations stop, damages are fully repaired, and perpetrators are held effectively accountable.<\/p>\n\n\t\t<\/div>\n\t<\/div>\n<\/div><\/div><\/div><div class=\"wpb_column vc_column_container vc_col-sm-6\"><div class=\"vc_column-inner\"><div class=\"wpb_wrapper\">\n\t<div  class=\"wpb_single_image wpb_content_element vc_align_center\">\n\t\t\n\t\t<figure class=\"wpb_wrapper vc_figure\">\n\t\t\t<div class=\"vc_single_image-wrapper vc_box_rounded  vc_box_border_grey\"><img decoding=\"async\" width=\"800\" height=\"640\" src=\"https:\/\/www.institutocordilheira.org.br\/wp-content\/uploads\/2022\/10\/cordilheira_instituo.jpg\" class=\"vc_single_image-img attachment-large\" alt=\"\" srcset=\"https:\/\/www.institutocordilheira.org.br\/wp-content\/uploads\/2022\/10\/cordilheira_instituo.jpg 800w, https:\/\/www.institutocordilheira.org.br\/wp-content\/uploads\/2022\/10\/cordilheira_instituo-300x240.jpg 300w, https:\/\/www.institutocordilheira.org.br\/wp-content\/uploads\/2022\/10\/cordilheira_instituo-768x614.jpg 768w\" sizes=\"(max-width: 800px) 100vw, 800px\"  data-dt-location=\"https:\/\/www.institutocordilheira.org.br\/en\/principal\/cordilheira_instituo\/\" \/><\/div>\n\t\t<\/figure>\n\t<\/div>\n<\/div><\/div><\/div><\/div><\/div><\/div><\/div><\/div><div class=\"vc_row wpb_row vc_row-fluid vc_row-o-content-middle vc_row-flex\"><div class=\"wpb_column vc_column_container vc_col-sm-6\"><div class=\"vc_column-inner\"><div class=\"wpb_wrapper\">\n\t<div class=\"wpb_raw_code wpb_content_element wpb_raw_html\" >\n\t\t<div class=\"wpb_wrapper\">\n\t\t\t<a href=\"https:\/\/obspenalbrumadinho.com.br\/\" target=\"_blank\" class=\"banner-card\">\n<img decoding=\"async\" src=\"https:\/\/www.institutocordilheira.org.br\/wp-content\/uploads\/2024\/10\/obpenal.jpg\"\/>\n<\/a>\n\t\t<\/div>\n\t<\/div>\n<\/div><\/div><\/div><div class=\"wpb_column vc_column_container vc_col-sm-6\"><div class=\"vc_column-inner\"><div class=\"wpb_wrapper\">\n\t<div class=\"wpb_raw_code wpb_content_element wpb_raw_html\" >\n\t\t<div class=\"wpb_wrapper\">\n\t\t\t<a href=\"https:\/\/www.institutocordilheira.org.br\/wp-content\/uploads\/2023\/01\/2023-02-24-folheto-cordilheira-portugues-alta.pdf\" target=\"_blank\" class=\"banner-card\">\n<img decoding=\"async\" src=\"https:\/\/www.institutocordilheira.org.br\/wp-content\/uploads\/2024\/10\/banner-carilha.jpg\"\/>\n<\/a>\n\t\t<\/div>\n\t<\/div>\n<\/div><\/div><\/div><\/div><div data-vc-full-width=\"true\" data-vc-full-width-init=\"false\" data-vc-stretch-content=\"true\" class=\"vc_row wpb_row vc_row-fluid svg-transition vc_row-no-padding\"><div class=\"wpb_column vc_column_container vc_col-sm-12\"><div class=\"vc_column-inner\"><div class=\"wpb_wrapper\">\n\t<div class=\"wpb_raw_code wpb_content_element wpb_raw_html\" >\n\t\t<div class=\"wpb_wrapper\">\n\t\t\t<img decoding=\"async\" src=\"\/assets\/wave_whites-to-10.svg\"\/>\n\t\t<\/div>\n\t<\/div>\n<\/div><\/div><\/div><\/div><div class=\"vc_row-full-width vc_clearfix\"><\/div><div data-vc-full-width=\"true\" data-vc-full-width-init=\"false\" class=\"vc_row wpb_row vc_row-fluid vc_custom_1663413434006\"><div class=\"wpb_column vc_column_container vc_col-sm-12\"><div class=\"vc_column-inner\"><div class=\"wpb_wrapper\"><div class=\"vc_row wpb_row vc_inner vc_row-fluid vc_row-o-content-middle vc_row-flex\"><div class=\"wpb_column vc_column_container vc_col-sm-6\"><div class=\"vc_column-inner\"><div class=\"wpb_wrapper\">\n\t<div  class=\"wpb_single_image wpb_content_element vc_align_center\">\n\t\t\n\t\t<figure class=\"wpb_wrapper vc_figure\">\n\t\t\t<div class=\"vc_single_image-wrapper vc_box_rounded  vc_box_border_grey\"><img decoding=\"async\" width=\"1024\" height=\"1024\" src=\"https:\/\/www.institutocordilheira.org.br\/wp-content\/uploads\/2022\/09\/institucional_02-1024x1024.jpeg\" class=\"vc_single_image-img attachment-large\" alt=\"\" srcset=\"https:\/\/www.institutocordilheira.org.br\/wp-content\/uploads\/2022\/09\/institucional_02-1024x1024.jpeg 1024w, https:\/\/www.institutocordilheira.org.br\/wp-content\/uploads\/2022\/09\/institucional_02-300x300.jpeg 300w, https:\/\/www.institutocordilheira.org.br\/wp-content\/uploads\/2022\/09\/institucional_02-150x150.jpeg 150w, https:\/\/www.institutocordilheira.org.br\/wp-content\/uploads\/2022\/09\/institucional_02-768x768.jpeg 768w, https:\/\/www.institutocordilheira.org.br\/wp-content\/uploads\/2022\/09\/institucional_02.jpeg 1080w\" sizes=\"(max-width: 1024px) 100vw, 1024px\"  data-dt-location=\"https:\/\/www.institutocordilheira.org.br\/en\/principal\/institucional_02\/\" \/><\/div>\n\t\t<\/figure>\n\t<\/div>\n<\/div><\/div><\/div><div class=\"wpb_column vc_column_container vc_col-sm-6\"><div class=\"vc_column-inner\"><div class=\"wpb_wrapper\"><h2 style=\"font-size: 36px;color: #65ad71;line-height: 1.5;text-align: left\" class=\"vc_custom_heading vc_custom_1663590330897\" >Mission<\/h2>\n\t<div class=\"wpb_text_column wpb_content_element\" >\n\t\t<div class=\"wpb_wrapper\">\n\t\t\t<p><span style=\"font-weight: 400;\">To actively engage, use technical expertise and a firm approach to tackle the dominance of the mining industry and its countless impacts, damages, and threats to mountain ranges, water resources, people, communities, and to rights, connecting joint  initiatives that bring together and strengthen leaders and groups who defend the territories affected, closely following the struggles and providing visibility to problems and achievements, while increasingly enabling the exchange of experiences and mutual help.<\/span><\/p>\n\n\t\t<\/div>\n\t<\/div>\n<\/div><\/div><\/div><\/div><\/div><\/div><\/div><\/div><div class=\"vc_row-full-width vc_clearfix\"><\/div><!-- Row Backgrounds --><div class=\"upb_color\" data-bg-override=\"0\" data-bg-color=\"#eff7f1\" data-fadeout=\"\" data-fadeout-percentage=\"30\" data-parallax-content=\"\" data-parallax-content-sense=\"30\" data-row-effect-mobile-disable=\"true\" data-img-parallax-mobile-disable=\"true\" data-rtl=\"false\"  data-custom-vc-row=\"\"  data-vc=\"6.5.0\"  data-is_old_vc=\"\"  data-theme-support=\"\"   data-overlay=\"false\" data-overlay-color=\"\" data-overlay-pattern=\"\" data-overlay-pattern-opacity=\"\" data-overlay-pattern-size=\"\"    ><\/div><div data-vc-full-width=\"true\" data-vc-full-width-init=\"false\" data-vc-stretch-content=\"true\" class=\"vc_row wpb_row vc_row-fluid vc_custom_1663797024521 vc_row-no-padding\"><div class=\"wpb_column vc_column_container vc_col-sm-12\"><div class=\"vc_column-inner\"><div class=\"wpb_wrapper\"><h2 style=\"font-size: 36px;color: #65ad71;line-height: 1.5;text-align: center\" class=\"vc_custom_heading vc_custom_1663593605656\" >Our projects<\/h2>\n\t<div class=\"wpb_raw_code wpb_content_element wpb_raw_html\" >\n\t\t<div class=\"wpb_wrapper\">\n\t\t\t<div class=\"slider-accordion\">\n    <a href=\"\/en\/projetos\/#lotus\" class=\"slide\" style=\"background-image:url('https:\/\/www.institutocordilheira.org.br\/wp-content\/uploads\/2022\/10\/Lo%CC%81tus-Nossos-projetos-INICIAL.jpg)\">\n    <div class=\"slide-content\">\n<div>\n        <h3>L\u00f3tus<\/h3>\n        <p>The creative economy of women defenders of territories in conflict with mining<\/p>\n<\/div>\n    <\/div>\n    <\/a>\n    <a href=\"\/en\/projetos\/#politica\" class=\"slide\" style=\"background-image:url('https:\/\/www.institutocordilheira.org.br\/wp-content\/uploads\/2022\/10\/Nossos-projetos-INCIDE%CC%82NCIA-POLI%CC%81TICA.jpg')\">\n        <div class=\"slide-content\">\n<div>\n            <h3>Advocacy<\/h3>\n            <p>Articulation with territorial struggles, monitoring and pressure on decision makers<\/p>\n<\/div>\n        <\/div><\/a>\n    <a href=\"\/en\/projetos\/#juridica\" class=\"slide\" style=\"background-image:url('https:\/\/www.institutocordilheira.org.br\/wp-content\/uploads\/2022\/10\/Assessoria-Juri%CC%81dica.jpg')\">\n        <div class=\"slide-content\">\n<div>\n            <h3>Legal Advisory<\/h3>\n            <p>Support and monitoring of resistance, access and dissemination of information and preparation of legal documents<\/p>\n<\/div>\n        <\/div><\/a>\n<\/div>\n\t\t<\/div>\n\t<\/div>\n<\/div><\/div><\/div><\/div><div class=\"vc_row-full-width vc_clearfix\"><\/div><!-- Row Backgrounds --><div class=\"upb_color\" data-bg-override=\"0\" data-bg-color=\"#eff7f1\" data-fadeout=\"\" data-fadeout-percentage=\"30\" data-parallax-content=\"\" data-parallax-content-sense=\"30\" data-row-effect-mobile-disable=\"true\" data-img-parallax-mobile-disable=\"true\" data-rtl=\"false\"  data-custom-vc-row=\"\"  data-vc=\"6.5.0\"  data-is_old_vc=\"\"  data-theme-support=\"\"   data-overlay=\"false\" data-overlay-color=\"\" data-overlay-pattern=\"\" data-overlay-pattern-opacity=\"\" data-overlay-pattern-size=\"\"    ><\/div><div data-vc-full-width=\"true\" data-vc-full-width-init=\"false\" class=\"vc_row wpb_row vc_row-fluid\"><div class=\"wpb_column vc_column_container vc_col-sm-12\"><div class=\"vc_column-inner\"><div class=\"wpb_wrapper\"><div class=\"vc_row wpb_row vc_inner vc_row-fluid vc_custom_1663696377614\"><div class=\"wpb_column vc_column_container vc_col-sm-12\"><div class=\"vc_column-inner\"><div class=\"wpb_wrapper\">\n\t<div  class=\"wpb_single_image wpb_content_element vc_align_left\">\n\t\t\n\t\t<figure class=\"wpb_wrapper vc_figure\">\n\t\t\t<div class=\"vc_single_image-wrapper   vc_box_border_grey\"><img loading=\"lazy\" decoding=\"async\" width=\"1280\" height=\"924\" src=\"https:\/\/www.institutocordilheira.org.br\/wp-content\/uploads\/2022\/10\/cordilheira-espinhac\u0327o.jpg\" class=\"vc_single_image-img attachment-full\" alt=\"\" srcset=\"https:\/\/www.institutocordilheira.org.br\/wp-content\/uploads\/2022\/10\/cordilheira-espinhac\u0327o.jpg 1280w, https:\/\/www.institutocordilheira.org.br\/wp-content\/uploads\/2022\/10\/cordilheira-espinhac\u0327o-300x217.jpg 300w, https:\/\/www.institutocordilheira.org.br\/wp-content\/uploads\/2022\/10\/cordilheira-espinhac\u0327o-1024x739.jpg 1024w, https:\/\/www.institutocordilheira.org.br\/wp-content\/uploads\/2022\/10\/cordilheira-espinhac\u0327o-768x554.jpg 768w\" sizes=\"(max-width: 1280px) 100vw, 1280px\"  data-dt-location=\"https:\/\/www.institutocordilheira.org.br\/en\/principal\/cordilheira-espinhac%cc%a7o\/\" \/><\/div>\n\t\t<\/figure>\n\t<\/div>\n<\/div><\/div><\/div><\/div><\/div><\/div><\/div><\/div><div class=\"vc_row-full-width vc_clearfix\"><\/div><!-- Row Backgrounds --><div class=\"upb_color\" data-bg-override=\"0\" data-bg-color=\"#417d4b\" data-fadeout=\"\" data-fadeout-percentage=\"30\" data-parallax-content=\"\" data-parallax-content-sense=\"30\" data-row-effect-mobile-disable=\"true\" data-img-parallax-mobile-disable=\"true\" data-rtl=\"false\"  data-custom-vc-row=\"\"  data-vc=\"6.5.0\"  data-is_old_vc=\"\"  data-theme-support=\"\"   data-overlay=\"false\" data-overlay-color=\"\" data-overlay-pattern=\"\" data-overlay-pattern-opacity=\"\" data-overlay-pattern-size=\"\"    ><\/div><div data-vc-full-width=\"true\" data-vc-full-width-init=\"false\" class=\"vc_row wpb_row vc_row-fluid dark\"><div class=\"wpb_column vc_column_container vc_col-sm-12\"><div class=\"vc_column-inner\"><div class=\"wpb_wrapper\"><div class=\"vc_row wpb_row vc_inner vc_row-fluid vc_custom_1663696377614\"><div class=\"wpb_column vc_column_container vc_col-sm-6\"><div class=\"vc_column-inner\"><div class=\"wpb_wrapper\">\n\t<div class=\"wpb_video_widget wpb_content_element vc_clearfix   vc_video-aspect-ratio-169 vc_video-el-width-100 vc_video-align-center\" >\n\t\t<div class=\"wpb_wrapper\">\n\t\t\t\n\t\t\t<div class=\"wpb_video_wrapper\"><iframe title=\"Oficina Ervanaria Marcos Gui\u00e3o\" width=\"1200\" height=\"675\" src=\"https:\/\/www.youtube.com\/embed\/hxK8pQbKDGc?feature=oembed\" frameborder=\"0\" allow=\"accelerometer; autoplay; clipboard-write; encrypted-media; gyroscope; picture-in-picture; web-share\" referrerpolicy=\"strict-origin-when-cross-origin\" allowfullscreen><\/iframe><\/div>\n\t\t<\/div>\n\t<\/div>\n<\/div><\/div><\/div><div class=\"wpb_column vc_column_container vc_col-sm-6\"><div class=\"vc_column-inner\"><div class=\"wpb_wrapper\"><h2 style=\"font-size: 36px;color: #ffffff;line-height: 1.5;text-align: left\" class=\"vc_custom_heading vc_custom_1723043612314\" >Oficina Ervanaria com Marcos Gui\u00e3o<\/h2>\n\t<div class=\"wpb_text_column wpb_content_element\" >\n\t\t<div class=\"wpb_wrapper\">\n\t\t\t<p><span class=\"yt-core-attributed-string yt-core-attributed-string--white-space-pre-wrap\" dir=\"auto\" role=\"text\"><span class=\"yt-core-attributed-string--link-inherit-color\" dir=\"auto\">Conhe\u00e7a mais sobre a Ervanaria Marcos Gui\u00e3o e o trabalho de integra\u00e7\u00e3o e cuidado com a natureza e com as plantas medicinais. <\/span><\/span><\/p>\n<p><a style=\"padding: 12px 24px; border-radius: 24px; background-color: #fff; text-decoration: none; color: #65ad71; margin-top: 24px; display: inline-block;\" href=\"https:\/\/www.youtube.com\/channel\/UCd6blcwP-k4QBShS1wOTY-g\" target=\"_blank\" rel=\"noopener; noopener\">Subscribe to our channel<\/a><\/p>\n\n\t\t<\/div>\n\t<\/div>\n<\/div><\/div><\/div><\/div><\/div><\/div><\/div><\/div><div class=\"vc_row-full-width vc_clearfix\"><\/div><!-- Row Backgrounds --><div class=\"upb_color\" data-bg-override=\"0\" data-bg-color=\"#65ad71\" data-fadeout=\"\" data-fadeout-percentage=\"30\" data-parallax-content=\"\" data-parallax-content-sense=\"30\" data-row-effect-mobile-disable=\"true\" data-img-parallax-mobile-disable=\"true\" data-rtl=\"false\"  data-custom-vc-row=\"\"  data-vc=\"6.5.0\"  data-is_old_vc=\"\"  data-theme-support=\"\"   data-overlay=\"false\" data-overlay-color=\"\" data-overlay-pattern=\"\" data-overlay-pattern-opacity=\"\" data-overlay-pattern-size=\"\"    ><\/div><div data-vc-full-width=\"true\" data-vc-full-width-init=\"false\" class=\"vc_row wpb_row vc_row-fluid\"><div class=\"wpb_column vc_column_container vc_col-sm-12\"><div class=\"vc_column-inner\"><div class=\"wpb_wrapper\"><h2 style=\"font-size: 36px;color: #65ad71;line-height: 1.5;text-align: center\" class=\"vc_custom_heading vc_custom_1723051790727\" >Instagram<\/h2>\n\t<div class=\"wpb_raw_code wpb_content_element wpb_raw_html\" >\n\t\t<div class=\"wpb_wrapper\">\n\t\t\t<div id=\"insta-grid\" style=\"display:grid; grid-template-columns:repeat(auto-fit, minmax(212px, 1fr))\">\n<\/div>\n\n<script>\n\nconst url = \"\/src\/Instagram\/getPosts.php\"\n\nfetch(url)\n.then( resp => resp.json() ) \n.then( post => {\n       place = document.getElementById('insta-grid')\n\n        for( i=0; i<12; i++)\n        {\n            item = document.createElement('a');\n            item.className = \"insta-item\";\n            item.href = post['data'][i]['permalink'];\n            item.target = \"_blank\"\n                \n            if(post['data'][i]['media_type'] == \"VIDEO\")\n            {\n                item.style.backgroundImage = 'url(\\''+post['data'][i]['thumbnail_url']+'\\')';\n            } else {\n                item.style.backgroundImage = 'url(\\''+post['data'][i]['media_url']+'\\')';\n            }\n            place.append(item);\n        }\n})\n<\/script>\n\t\t<\/div>\n\t<\/div>\n<\/div><\/div><\/div><\/div><div class=\"vc_row-full-width vc_clearfix\"><\/div><!-- Row Backgrounds --><div class=\"upb_color\" data-bg-override=\"0\" data-bg-color=\"#eff7f1\" data-fadeout=\"\" data-fadeout-percentage=\"30\" data-parallax-content=\"\" data-parallax-content-sense=\"30\" data-row-effect-mobile-disable=\"true\" data-img-parallax-mobile-disable=\"true\" data-rtl=\"false\"  data-custom-vc-row=\"\"  data-vc=\"6.5.0\"  data-is_old_vc=\"\"  data-theme-support=\"\"   data-overlay=\"false\" data-overlay-color=\"\" data-overlay-pattern=\"\" data-overlay-pattern-opacity=\"\" data-overlay-pattern-size=\"\"    ><\/div><div data-vc-full-width=\"true\" data-vc-full-width-init=\"false\" data-vc-stretch-content=\"true\" class=\"vc_row wpb_row vc_row-fluid svg-transition vc_custom_1663412300470 vc_row-no-padding\"><div class=\"wpb_column vc_column_container vc_col-sm-12\"><div class=\"vc_column-inner\"><div class=\"wpb_wrapper\">\n\t<div class=\"wpb_raw_code wpb_content_element wpb_raw_html\" >\n\t\t<div class=\"wpb_wrapper\">\n\t\t\t<img decoding=\"async\" src=\"\/assets\/wave_10-to-white.svg\"\/>\n\t\t<\/div>\n\t<\/div>\n<\/div><\/div><\/div><\/div><div class=\"vc_row-full-width vc_clearfix\"><\/div><div data-vc-full-width=\"true\" data-vc-full-width-init=\"false\" class=\"vc_row wpb_row vc_row-fluid\"><div class=\"wpb_column vc_column_container vc_col-sm-12\"><div class=\"vc_column-inner\"><div class=\"wpb_wrapper\"><div class=\"vc_row wpb_row vc_inner vc_row-fluid vc_custom_1663590224396\"><div class=\"wpb_column vc_column_container vc_col-sm-6\"><div class=\"vc_column-inner\"><div class=\"wpb_wrapper\"><h2 style=\"font-size: 36px;color: #65ad71;line-height: 1.5;text-align: left\" class=\"vc_custom_heading vc_custom_1663589878678\" >Contact<\/h2>\n\t<div class=\"wpb_text_column wpb_content_element\" >\n\t\t<div class=\"wpb_wrapper\">\n\t\t\t<p>Contact us.<\/p>\n\n\t\t<\/div>\n\t<\/div>\n<\/div><\/div><\/div><div class=\"wpb_column vc_column_container vc_col-sm-6\"><div class=\"vc_column-inner\"><div class=\"wpb_wrapper\">\n<div class=\"wpcf7 no-js\" id=\"wpcf7-f5-o1\" lang=\"pt-BR\" dir=\"ltr\" data-wpcf7-id=\"5\">\n<div class=\"screen-reader-response\"><p role=\"status\" aria-live=\"polite\" aria-atomic=\"true\"><\/p> <ul><\/ul><\/div>\n<form action=\"\/en\/wp-json\/wp\/v2\/pages\/7#wpcf7-f5-o1\" method=\"post\" class=\"wpcf7-form init\" aria-label=\"Formul\u00e1rios de contato\" novalidate=\"novalidate\" data-status=\"init\" data-trp-original-action=\"\/en\/wp-json\/wp\/v2\/pages\/7#wpcf7-f5-o1\">\n<fieldset class=\"hidden-fields-container\"><input type=\"hidden\" name=\"_wpcf7\" value=\"5\" \/><input type=\"hidden\" name=\"_wpcf7_version\" value=\"6.1.1\" \/><input type=\"hidden\" name=\"_wpcf7_locale\" value=\"pt_BR\" \/><input type=\"hidden\" name=\"_wpcf7_unit_tag\" value=\"wpcf7-f5-o1\" \/><input type=\"hidden\" name=\"_wpcf7_container_post\" value=\"0\" \/><input type=\"hidden\" name=\"_wpcf7_posted_data_hash\" value=\"\" \/>\n<\/fieldset>\n<p><label> Your name<br \/>\n<span class=\"wpcf7-form-control-wrap\" data-name=\"your-name\"><input size=\"40\" maxlength=\"400\" class=\"wpcf7-form-control wpcf7-text wpcf7-validates-as-required\" aria-required=\"true\" aria-invalid=\"false\" value=\"\" type=\"text\" name=\"your-name\" \/><\/span> <\/label>\n<\/p>\n<p><label> E-mail<br \/>\n<span class=\"wpcf7-form-control-wrap\" data-name=\"your-email\"><input size=\"40\" maxlength=\"400\" class=\"wpcf7-form-control wpcf7-email wpcf7-validates-as-required wpcf7-text wpcf7-validates-as-email\" aria-required=\"true\" aria-invalid=\"false\" value=\"\" type=\"email\" name=\"your-email\" \/><\/span> <\/label>\n<\/p>\n<p><label> Subject<br \/>\n<span class=\"wpcf7-form-control-wrap\" data-name=\"your-subject\"><input size=\"40\" maxlength=\"400\" class=\"wpcf7-form-control wpcf7-text wpcf7-validates-as-required\" aria-required=\"true\" aria-invalid=\"false\" value=\"\" type=\"text\" name=\"your-subject\" \/><\/span> <\/label>\n<\/p>\n<p><label> Message<br \/>\n<span class=\"wpcf7-form-control-wrap\" data-name=\"your-message\"><textarea cols=\"40\" rows=\"10\" maxlength=\"2000\" class=\"wpcf7-form-control wpcf7-textarea\" aria-invalid=\"false\" name=\"your-message\"><\/textarea><\/span> <\/label>\n<\/p>\n<p><input class=\"wpcf7-form-control wpcf7-submit has-spinner\" type=\"submit\" value=\"Send\" \/>\n<\/p><p style=\"display: none !important;\" class=\"akismet-fields-container\" data-prefix=\"_wpcf7_ak_\"><label>&#916;<textarea name=\"_wpcf7_ak_hp_textarea\" cols=\"45\" rows=\"8\" maxlength=\"100\"><\/textarea><\/label><input type=\"hidden\" id=\"ak_js_1\" name=\"_wpcf7_ak_js\" value=\"47\"\/><script>document.getElementById( \"ak_js_1\" ).setAttribute( \"value\", ( new Date() ).getTime() );<\/script><\/p><div class=\"wpcf7-response-output\" aria-hidden=\"true\"><\/div>\n<input type=\"hidden\" name=\"trp-form-language\" value=\"en\"\/><\/form>\n<\/div>\n<\/div><\/div><\/div><\/div><\/div><\/div><\/div><\/div><div class=\"vc_row-full-width vc_clearfix\"><\/div><div data-vc-full-width=\"true\" data-vc-full-width-init=\"false\" data-vc-stretch-content=\"true\" class=\"vc_row wpb_row vc_row-fluid svg-transition vc_custom_1663796462047 vc_row-has-fill vc_row-no-padding\"><div class=\"wpb_column vc_column_container vc_col-sm-12\"><div class=\"vc_column-inner\"><div class=\"wpb_wrapper\">\n\t<div class=\"wpb_raw_code wpb_content_element wpb_raw_html\" >\n\t\t<div class=\"wpb_wrapper\">\n\t\t\t<img decoding=\"async\" src=\"\/assets\/wave_whites-to-blue.svg\"\/>\n\t\t<\/div>\n\t<\/div>\n<\/div><\/div><\/div><\/div><div class=\"vc_row-full-width vc_clearfix\"><\/div><div class=\"vc_row wpb_row vc_row-fluid\"><div class=\"wpb_column vc_column_container vc_col-sm-12\"><div class=\"vc_column-inner\"><div class=\"wpb_wrapper\"><\/div><\/div><\/div><\/div><div class=\"vc_row wpb_row vc_row-fluid\"><div class=\"wpb_column vc_column_container vc_col-sm-12\"><div class=\"vc_column-inner\"><div class=\"wpb_wrapper\"><\/div><\/div><\/div><\/div><div class=\"vc_row wpb_row vc_row-fluid\"><div class=\"wpb_column vc_column_container vc_col-sm-12\"><div class=\"vc_column-inner\"><div class=\"wpb_wrapper\"><\/div><\/div><\/div><\/div>","protected":false},"excerpt":{"rendered":"<p>O Instituto O Instituto Cordilheira tem como finalidade fundamental a defesa do meio ambiente, do patrim\u00f4nio cultural, dos direitos da natureza, da cidadania, dos direitos humanos e da promo\u00e7\u00e3o de bens e direitos coletivos, difusos e individuais homog\u00eaneos, atento para novos paradigmas em tempos de emerg\u00eancia clim\u00e1tica. Trabalhamos por uma nova economia e sociedade com&hellip;<\/p>","protected":false},"author":1,"featured_media":106,"parent":0,"menu_order":0,"comment_status":"closed","ping_status":"closed","template":"","meta":[],"class_list":["post-7","page","type-page","status-publish","has-post-thumbnail","hentry","description-off"],"yoast_head":"<!-- This site is optimized with the Yoast SEO plugin v27.2 - https:\/\/yoast.com\/product\/yoast-seo-wordpress\/ -->\n<title>Instituto Cordilheira<\/title>\n<meta name=\"description\" content=\"Trabalhamos por uma nova economia e sociedade com respeito \u00e0 natureza, em defesa do patrim\u00f4nio cultural e dos direitos da natureza.\" \/>\n<meta name=\"robots\" content=\"index, follow, max-snippet:-1, max-image-preview:large, max-video-preview:-1\" \/>\n<link rel=\"canonical\" href=\"https:\/\/www.institutocordilheira.org.br\/en\/\" \/>\n<meta property=\"og:locale\" content=\"en_US\" \/>\n<meta property=\"og:type\" content=\"article\" \/>\n<meta property=\"og:title\" content=\"Instituto Cordilheira\" \/>\n<meta property=\"og:description\" content=\"Trabalhamos por uma nova economia e sociedade com respeito \u00e0 natureza, em defesa do patrim\u00f4nio cultural e dos direitos da natureza.\" \/>\n<meta property=\"og:url\" content=\"https:\/\/www.institutocordilheira.org.br\/en\/\" \/>\n<meta property=\"og:site_name\" content=\"Instituto Cordilheira\" \/>\n<meta property=\"article:modified_time\" content=\"2025-09-30T18:19:54+00:00\" \/>\n<meta property=\"og:image\" content=\"https:\/\/www.institutocordilheira.org.br\/wp-content\/uploads\/2022\/09\/og_cordilheira.jpg\" \/>\n\t<meta property=\"og:image:width\" content=\"960\" \/>\n\t<meta property=\"og:image:height\" content=\"640\" \/>\n\t<meta property=\"og:image:type\" content=\"image\/jpeg\" \/>\n<meta name=\"twitter:card\" content=\"summary_large_image\" \/>\n<meta name=\"twitter:label1\" content=\"Est. reading time\" \/>\n\t<meta name=\"twitter:data1\" content=\"3 minutes\" \/>\n<script type=\"application\/ld+json\" class=\"yoast-schema-graph\">{\"@context\":\"https:\/\/schema.org\",\"@graph\":[{\"@type\":\"WebPage\",\"@id\":\"https:\/\/www.institutocordilheira.org.br\/\",\"url\":\"https:\/\/www.institutocordilheira.org.br\/\",\"name\":\"Instituto Cordilheira\",\"isPartOf\":{\"@id\":\"https:\/\/www.institutocordilheira.org.br\/#website\"},\"primaryImageOfPage\":{\"@id\":\"https:\/\/www.institutocordilheira.org.br\/#primaryimage\"},\"image\":{\"@id\":\"https:\/\/www.institutocordilheira.org.br\/#primaryimage\"},\"thumbnailUrl\":\"https:\/\/www.institutocordilheira.org.br\/wp-content\/uploads\/2022\/09\/og_cordilheira.jpg\",\"datePublished\":\"2022-09-17T09:19:39+00:00\",\"dateModified\":\"2025-09-30T18:19:54+00:00\",\"description\":\"Trabalhamos por uma nova economia e sociedade com respeito \u00e0 natureza, em defesa do patrim\u00f4nio cultural e dos direitos da natureza.\",\"breadcrumb\":{\"@id\":\"https:\/\/www.institutocordilheira.org.br\/#breadcrumb\"},\"inLanguage\":\"en-US\",\"potentialAction\":[{\"@type\":\"ReadAction\",\"target\":[\"https:\/\/www.institutocordilheira.org.br\/\"]}]},{\"@type\":\"ImageObject\",\"inLanguage\":\"en-US\",\"@id\":\"https:\/\/www.institutocordilheira.org.br\/#primaryimage\",\"url\":\"https:\/\/www.institutocordilheira.org.br\/wp-content\/uploads\/2022\/09\/og_cordilheira.jpg\",\"contentUrl\":\"https:\/\/www.institutocordilheira.org.br\/wp-content\/uploads\/2022\/09\/og_cordilheira.jpg\",\"width\":960,\"height\":640},{\"@type\":\"BreadcrumbList\",\"@id\":\"https:\/\/www.institutocordilheira.org.br\/#breadcrumb\",\"itemListElement\":[{\"@type\":\"ListItem\",\"position\":1,\"name\":\"In\u00edcio\",\"item\":\"https:\/\/www.institutocordilheira.org.br\/\"},{\"@type\":\"ListItem\",\"position\":2,\"name\":\"Principal\"}]},{\"@type\":\"WebSite\",\"@id\":\"https:\/\/www.institutocordilheira.org.br\/#website\",\"url\":\"https:\/\/www.institutocordilheira.org.br\/\",\"name\":\"Instituto Cordilheira\",\"description\":\"\",\"publisher\":{\"@id\":\"https:\/\/www.institutocordilheira.org.br\/#organization\"},\"potentialAction\":[{\"@type\":\"SearchAction\",\"target\":{\"@type\":\"EntryPoint\",\"urlTemplate\":\"https:\/\/www.institutocordilheira.org.br\/?s={search_term_string}\"},\"query-input\":{\"@type\":\"PropertyValueSpecification\",\"valueRequired\":true,\"valueName\":\"search_term_string\"}}],\"inLanguage\":\"en-US\"},{\"@type\":\"Organization\",\"@id\":\"https:\/\/www.institutocordilheira.org.br\/#organization\",\"name\":\"Instituto Cordilheira\",\"url\":\"https:\/\/www.institutocordilheira.org.br\/\",\"logo\":{\"@type\":\"ImageObject\",\"inLanguage\":\"en-US\",\"@id\":\"https:\/\/www.institutocordilheira.org.br\/#\/schema\/logo\/image\/\",\"url\":\"https:\/\/www.institutocordilheira.org.br\/wp-content\/uploads\/2022\/09\/cordilheira_logo_w240.png\",\"contentUrl\":\"https:\/\/www.institutocordilheira.org.br\/wp-content\/uploads\/2022\/09\/cordilheira_logo_w240.png\",\"width\":240,\"height\":129,\"caption\":\"Instituto Cordilheira\"},\"image\":{\"@id\":\"https:\/\/www.institutocordilheira.org.br\/#\/schema\/logo\/image\/\"}}]}<\/script>\n<!-- \/ Yoast SEO plugin. -->","yoast_head_json":{"title":"Instituto Cordilheira","description":"Trabalhamos por uma nova economia e sociedade com respeito \u00e0 natureza, em defesa do patrim\u00f4nio cultural e dos direitos da natureza.","robots":{"index":"index","follow":"follow","max-snippet":"max-snippet:-1","max-image-preview":"max-image-preview:large","max-video-preview":"max-video-preview:-1"},"canonical":"https:\/\/www.institutocordilheira.org.br\/en\/","og_locale":"en_US","og_type":"article","og_title":"Instituto Cordilheira","og_description":"Trabalhamos por uma nova economia e sociedade com respeito \u00e0 natureza, em defesa do patrim\u00f4nio cultural e dos direitos da natureza.","og_url":"https:\/\/www.institutocordilheira.org.br\/en\/","og_site_name":"Instituto Cordilheira","article_modified_time":"2025-09-30T18:19:54+00:00","og_image":[{"width":960,"height":640,"url":"https:\/\/www.institutocordilheira.org.br\/wp-content\/uploads\/2022\/09\/og_cordilheira.jpg","type":"image\/jpeg"}],"twitter_card":"summary_large_image","twitter_misc":{"Est. reading time":"3 minutes"},"schema":{"@context":"https:\/\/schema.org","@graph":[{"@type":"WebPage","@id":"https:\/\/www.institutocordilheira.org.br\/","url":"https:\/\/www.institutocordilheira.org.br\/","name":"Instituto Cordilheira","isPartOf":{"@id":"https:\/\/www.institutocordilheira.org.br\/#website"},"primaryImageOfPage":{"@id":"https:\/\/www.institutocordilheira.org.br\/#primaryimage"},"image":{"@id":"https:\/\/www.institutocordilheira.org.br\/#primaryimage"},"thumbnailUrl":"https:\/\/www.institutocordilheira.org.br\/wp-content\/uploads\/2022\/09\/og_cordilheira.jpg","datePublished":"2022-09-17T09:19:39+00:00","dateModified":"2025-09-30T18:19:54+00:00","description":"Trabalhamos por uma nova economia e sociedade com respeito \u00e0 natureza, em defesa do patrim\u00f4nio cultural e dos direitos da natureza.","breadcrumb":{"@id":"https:\/\/www.institutocordilheira.org.br\/#breadcrumb"},"inLanguage":"en-US","potentialAction":[{"@type":"ReadAction","target":["https:\/\/www.institutocordilheira.org.br\/"]}]},{"@type":"ImageObject","inLanguage":"en-US","@id":"https:\/\/www.institutocordilheira.org.br\/#primaryimage","url":"https:\/\/www.institutocordilheira.org.br\/wp-content\/uploads\/2022\/09\/og_cordilheira.jpg","contentUrl":"https:\/\/www.institutocordilheira.org.br\/wp-content\/uploads\/2022\/09\/og_cordilheira.jpg","width":960,"height":640},{"@type":"BreadcrumbList","@id":"https:\/\/www.institutocordilheira.org.br\/#breadcrumb","itemListElement":[{"@type":"ListItem","position":1,"name":"In\u00edcio","item":"https:\/\/www.institutocordilheira.org.br\/"},{"@type":"ListItem","position":2,"name":"Principal"}]},{"@type":"WebSite","@id":"https:\/\/www.institutocordilheira.org.br\/#website","url":"https:\/\/www.institutocordilheira.org.br\/","name":"Instituto Cordilheira","description":"","publisher":{"@id":"https:\/\/www.institutocordilheira.org.br\/#organization"},"potentialAction":[{"@type":"SearchAction","target":{"@type":"EntryPoint","urlTemplate":"https:\/\/www.institutocordilheira.org.br\/?s={search_term_string}"},"query-input":{"@type":"PropertyValueSpecification","valueRequired":true,"valueName":"search_term_string"}}],"inLanguage":"en-US"},{"@type":"Organization","@id":"https:\/\/www.institutocordilheira.org.br\/#organization","name":"Instituto Cordilheira","url":"https:\/\/www.institutocordilheira.org.br\/","logo":{"@type":"ImageObject","inLanguage":"en-US","@id":"https:\/\/www.institutocordilheira.org.br\/#\/schema\/logo\/image\/","url":"https:\/\/www.institutocordilheira.org.br\/wp-content\/uploads\/2022\/09\/cordilheira_logo_w240.png","contentUrl":"https:\/\/www.institutocordilheira.org.br\/wp-content\/uploads\/2022\/09\/cordilheira_logo_w240.png","width":240,"height":129,"caption":"Instituto Cordilheira"},"image":{"@id":"https:\/\/www.institutocordilheira.org.br\/#\/schema\/logo\/image\/"}}]}},"_links":{"self":[{"href":"https:\/\/www.institutocordilheira.org.br\/en\/wp-json\/wp\/v2\/pages\/7","targetHints":{"allow":["GET"]}}],"collection":[{"href":"https:\/\/www.institutocordilheira.org.br\/en\/wp-json\/wp\/v2\/pages"}],"about":[{"href":"https:\/\/www.institutocordilheira.org.br\/en\/wp-json\/wp\/v2\/types\/page"}],"author":[{"embeddable":true,"href":"https:\/\/www.institutocordilheira.org.br\/en\/wp-json\/wp\/v2\/users\/1"}],"replies":[{"embeddable":true,"href":"https:\/\/www.institutocordilheira.org.br\/en\/wp-json\/wp\/v2\/comments?post=7"}],"version-history":[{"count":0,"href":"https:\/\/www.institutocordilheira.org.br\/en\/wp-json\/wp\/v2\/pages\/7\/revisions"}],"wp:featuredmedia":[{"embeddable":true,"href":"https:\/\/www.institutocordilheira.org.br\/en\/wp-json\/wp\/v2\/media\/106"}],"wp:attachment":[{"href":"https:\/\/www.institutocordilheira.org.br\/en\/wp-json\/wp\/v2\/media?parent=7"}],"curies":[{"name":"wp","href":"https:\/\/api.w.org\/{rel}","templated":true}]}}